{"id":13,"date":"2013-06-30T13:19:02","date_gmt":"2013-06-30T11:19:02","guid":{"rendered":"http:\/\/www.kommunale-ordnung.de\/?page_id=13"},"modified":"2022-04-26T09:37:48","modified_gmt":"2022-04-26T07:37:48","slug":"anmeldung","status":"publish","type":"page","link":"https:\/\/www.kommunale-ordnung.de\/?page_id=13","title":{"rendered":"Anmeldung"},"content":{"rendered":"<div>\n<div class=\"wpcf7 no-js\" id=\"wpcf7-f123-o1\" lang=\"de-DE\" dir=\"ltr\" data-wpcf7-id=\"123\">\n<div class=\"screen-reader-response\"><p role=\"status\" aria-live=\"polite\" aria-atomic=\"true\"><\/p> <ul><\/ul><\/div>\n<form action=\"\/index.php?rest_route=%2Fwp%2Fv2%2Fpages%2F13#wpcf7-f123-o1\" method=\"post\" class=\"wpcf7-form init\" aria-label=\"Kontaktformular\" novalidate=\"novalidate\" data-status=\"init\">\n<fieldset class=\"hidden-fields-container\"><input type=\"hidden\" name=\"_wpcf7\" value=\"123\" \/><input type=\"hidden\" name=\"_wpcf7_version\" value=\"6.1.3\" \/><input type=\"hidden\" name=\"_wpcf7_locale\" value=\"de_DE\" \/><input type=\"hidden\" name=\"_wpcf7_unit_tag\" value=\"wpcf7-f123-o1\" \/><input type=\"hidden\" name=\"_wpcf7_container_post\" value=\"0\" \/><input type=\"hidden\" name=\"_wpcf7_posted_data_hash\" value=\"\" \/><input type=\"hidden\" name=\"_wpcf7cf_hidden_group_fields\" value=\"[]\" \/><input type=\"hidden\" name=\"_wpcf7cf_hidden_groups\" value=\"[]\" \/><input type=\"hidden\" name=\"_wpcf7cf_visible_groups\" value=\"[]\" \/><input type=\"hidden\" name=\"_wpcf7cf_repeaters\" value=\"[]\" \/><input type=\"hidden\" name=\"_wpcf7cf_steps\" value=\"{}\" \/><input type=\"hidden\" name=\"_wpcf7cf_options\" value=\"{&quot;form_id&quot;:123,&quot;conditions&quot;:[{&quot;then_field&quot;:&quot;group-104&quot;,&quot;and_rules&quot;:[{&quot;if_field&quot;:&quot;datenschutz2&quot;,&quot;operator&quot;:&quot;equals&quot;,&quot;if_value&quot;:&quot;Ich willige in die Verarbeitung meiner personenbezogenen Daten durch die ProPress Verlagsgesellschaft mbH ein, um auch weiterhin Einladungen zu Veranstaltungen sowie elektronische Newsletter zu erhalten. Diese Einwilligung ist jederzeit widerruflich (per E-Mail an: datenschutzbeauftragter@behoerdenspiegel.de oder per Post an: ProPress Verlagsgesellschaft mbH, Datenschutzbeauftragter, Friedrich-Ebert-Allee 57, 53113 Bonn oder durch den Abmeldelink im jeweiligen Schreiben).&quot;}]},{&quot;then_field&quot;:&quot;nix&quot;,&quot;and_rules&quot;:[{&quot;if_field&quot;:&quot;teilnahme&quot;,&quot;operator&quot;:&quot;is empty&quot;,&quot;if_value&quot;:&quot;&quot;}]},{&quot;then_field&quot;:&quot;buchen299&quot;,&quot;and_rules&quot;:[{&quot;if_field&quot;:&quot;teilnahme&quot;,&quot;operator&quot;:&quot;equals&quot;,&quot;if_value&quot;:&quot;Teilnahme am Bundeskongress Kommunale Ordnung am 24. September 2026.&quot;},{&quot;if_field&quot;:&quot;abend_auswahl&quot;,&quot;operator&quot;:&quot;is empty&quot;,&quot;if_value&quot;:&quot;Teilnahme am Bundeskongress Kommunale Ordnung am 27. September 2023&quot;}]},{&quot;then_field&quot;:&quot;buchen329&quot;,&quot;and_rules&quot;:[{&quot;if_field&quot;:&quot;teilnahme&quot;,&quot;operator&quot;:&quot;equals&quot;,&quot;if_value&quot;:&quot;Teilnahme am Bundeskongress Kommunale Ordnung am 24. September 2026.&quot;},{&quot;if_field&quot;:&quot;abend_auswahl&quot;,&quot;operator&quot;:&quot;not empty&quot;,&quot;if_value&quot;:&quot;&quot;}]},{&quot;then_field&quot;:&quot;buchen499&quot;,&quot;and_rules&quot;:[{&quot;if_field&quot;:&quot;teilnahme&quot;,&quot;operator&quot;:&quot;equals&quot;,&quot;if_value&quot;:&quot;Teilnahme am Bundeskongress Kommunale Verkehrssicherheit am 23. September 2026 und Teilnahme am Bundeskongress Kommunale Ordnung am 24. September 2026 inkl. abendlichem Rahmenprogramm am 23.September 2026.&quot;}]},{&quot;then_field&quot;:&quot;abend&quot;,&quot;and_rules&quot;:[{&quot;if_field&quot;:&quot;teilnahme&quot;,&quot;operator&quot;:&quot;equals&quot;,&quot;if_value&quot;:&quot;Teilnahme am Bundeskongress Kommunale Ordnung am 24. September 2026.&quot;}]}],&quot;settings&quot;:{&quot;animation&quot;:&quot;yes&quot;,&quot;animation_intime&quot;:200,&quot;animation_outtime&quot;:200,&quot;conditions_ui&quot;:&quot;normal&quot;,&quot;notice_dismissed&quot;:false}}\" \/>\n<\/fieldset>\n<p>Die Tagung richtet sich ausschlie\u00dflich an Teilnehmende aus Beh\u00f6rden und \u00f6ffentlichen Institutionen (Dienstlicher Nachweis erforderlich).\n<\/p>\n<div data-id=\"nix\" data-orig_data_id=\"nix\"  class=\"\" data-class=\"wpcf7cf_group\">\n\t<font color=\"#FF0000\">\n\t\t<p><strong>Bitte w\u00e4hlen Sie aus (die Teilnahmegeb\u00fchr erscheint nach Anklicken):<\/strong>\n\t\t<\/p>\n\t<\/font>\n<\/div>\n<div data-id=\"buchen329\" data-orig_data_id=\"buchen329\"  class=\"\" data-class=\"wpcf7cf_group\">\n\t<p><strong>Ihre Teilnahme kostet 329,00 zzgl. MwSt.<\/strong>\n\t<\/p>\n<\/div>\n<div data-id=\"buchen499\" data-orig_data_id=\"buchen499\"  class=\"\" data-class=\"wpcf7cf_group\">\n\t<p><strong>Ihre Teilnahme kostet 499,00 zzgl. MwSt.<\/strong>\n\t<\/p>\n<\/div>\n<div data-id=\"buchen299\" data-orig_data_id=\"buchen299\"  class=\"\" data-class=\"wpcf7cf_group\">\n\t<p><strong>Ihre Teilnahme kostet 299,00 zzgl. MwSt.<\/strong>\n\t<\/p>\n<\/div>\n<p><span class=\"wpcf7-form-control-wrap\" data-name=\"teilnahme\"><span class=\"wpcf7-form-control wpcf7-checkbox wpcf7-validates-as-required wpcf7-exclusive-checkbox\"><span class=\"wpcf7-list-item first\"><label><input type=\"checkbox\" name=\"teilnahme\" value=\"Teilnahme am Bundeskongress Kommunale Ordnung am 24. September 2026.\" \/><span class=\"wpcf7-list-item-label\">Teilnahme am Bundeskongress Kommunale Ordnung am 24. September 2026.<\/span><\/label><\/span><span class=\"wpcf7-list-item last\"><label><input type=\"checkbox\" name=\"teilnahme\" value=\"Teilnahme am Bundeskongress Kommunale Verkehrssicherheit am 23. September 2026 und Teilnahme am Bundeskongress Kommunale Ordnung am 24. September 2026 inkl. abendlichem Rahmenprogramm am 23.September 2026.\" \/><span class=\"wpcf7-list-item-label\">Teilnahme am Bundeskongress Kommunale Verkehrssicherheit am 23. September 2026 und Teilnahme am Bundeskongress Kommunale Ordnung am 24. September 2026 inkl. abendlichem Rahmenprogramm am 23.September 2026.<\/span><\/label><\/span><\/span><\/span>\n<\/p>\n<div data-id=\"abend\" data-orig_data_id=\"abend\" data-clear_on_hide class=\"\" data-class=\"wpcf7cf_group\">\n\t<p><span class=\"wpcf7-form-control-wrap\" data-name=\"abend_auswahl\"><span class=\"wpcf7-form-control wpcf7-checkbox\"><span class=\"wpcf7-list-item first last\"><label><input type=\"checkbox\" name=\"abend_auswahl[]\" value=\"Ich nehme zus\u00e4tzlich am Rahmenprogramm am Abend des 23. September 2026 teil.\" \/><span class=\"wpcf7-list-item-label\">Ich nehme zus\u00e4tzlich am Rahmenprogramm am Abend des 23. September 2026 teil.<\/span><\/label><\/span><\/span><\/span>\n\t<\/p>\n<\/div>\n<p>Name, Vorname (Pflichtfeld)<br \/>\n<span class=\"wpcf7-form-control-wrap\" data-name=\"nachname\"><input size=\"40\" maxlength=\"400\" class=\"wpcf7-form-control wpcf7-text wpcf7-validates-as-required\" aria-required=\"true\" aria-invalid=\"false\" value=\"\" type=\"text\" name=\"nachname\" \/><\/span>\n<\/p>\n<p>Beh\u00f6rde\/Unternehmen (Pflichtfeld)<br \/>\n<span class=\"wpcf7-form-control-wrap\" data-name=\"firma\"><input size=\"40\" maxlength=\"400\" class=\"wpcf7-form-control wpcf7-text wpcf7-validates-as-required\" aria-required=\"true\" aria-invalid=\"false\" value=\"\" type=\"text\" name=\"firma\" \/><\/span>\n<\/p>\n<p>Abteilung, Funktion<br \/>\n<span class=\"wpcf7-form-control-wrap\" data-name=\"abteilung\"><input size=\"40\" maxlength=\"400\" class=\"wpcf7-form-control wpcf7-text\" aria-invalid=\"false\" value=\"\" type=\"text\" name=\"abteilung\" \/><\/span>\n<\/p>\n<p>Stra\u00dfe\/Postfach (Pflichtfeld)<br \/>\n<span class=\"wpcf7-form-control-wrap\" data-name=\"strasse\"><input size=\"40\" maxlength=\"400\" class=\"wpcf7-form-control wpcf7-text wpcf7-validates-as-required\" aria-required=\"true\" aria-invalid=\"false\" value=\"\" type=\"text\" name=\"strasse\" \/><\/span>\n<\/p>\n<p>PLZ Ort (Pflichtfeld)<br \/>\n<span class=\"wpcf7-form-control-wrap\" data-name=\"plz_ort\"><input size=\"40\" maxlength=\"400\" class=\"wpcf7-form-control wpcf7-text wpcf7-validates-as-required\" aria-required=\"true\" aria-invalid=\"false\" value=\"\" type=\"text\" name=\"plz_ort\" \/><\/span>\n<\/p>\n<p>Telefon<br \/>\n<span class=\"wpcf7-form-control-wrap\" data-name=\"telefon\"><input size=\"40\" maxlength=\"400\" class=\"wpcf7-form-control wpcf7-text\" aria-invalid=\"false\" value=\"\" type=\"text\" name=\"telefon\" \/><\/span>\n<\/p>\n<p>E-Mail-Adresse (Pflichtfeld)<br \/>\n<span class=\"wpcf7-form-control-wrap\" data-name=\"email\"><input size=\"40\" maxlength=\"400\" class=\"wpcf7-form-control wpcf7-email wpcf7-validates-as-required wpcf7-text wpcf7-validates-as-email\" aria-required=\"true\" aria-invalid=\"false\" value=\"\" type=\"email\" name=\"email\" \/><\/span>\n<\/p>\n<p>Anmerkungen<br \/>\n<span class=\"wpcf7-form-control-wrap\" data-name=\"anmerkungen\"><textarea cols=\"40\" rows=\"3\" maxlength=\"2000\" class=\"wpcf7-form-control wpcf7-textarea\" aria-invalid=\"false\" name=\"anmerkungen\"><\/textarea><\/span>\n<\/p>\n<p><span class=\"wpcf7-form-control-wrap\" data-name=\"agb\"><span class=\"wpcf7-form-control wpcf7-acceptance\"><span class=\"wpcf7-list-item\"><label><input type=\"checkbox\" name=\"agb\" value=\"1\" aria-invalid=\"false\" \/><span class=\"wpcf7-list-item-label\">Ja, ich erkl\u00e4re mich mit den Allgemeinen Gesch\u00e4ftsbedingungen f\u00fcr Seminare und Kongresse des ProPress Verlag GmbH einverstanden (abrufbar unter www.kommunale-ordnung.de\/?page_id=17).<\/span><\/label><\/span><\/span><\/span>\n<\/p>\n<p><strong>Das Thema Datenschutz ist f\u00fcr uns eine wichtige Angelegenheit! Wir verarbeiten Ihre personenbezogenen Daten nur, um Sie weiterhin zu unseren Veranstaltungen einzuladen und um Ihnen unsere Newsletter zuschicken zu k\u00f6nnen. Eine Weitergabe Ihrer Daten an Dritte durch uns findet nicht statt! Sollten Sie Ihre Einwilligung schon gegeben haben, er\u00fcbrigt sich eine erneute Zustimmung. Weitere Informationen dazu finden Sie in unserer Datenschutzerkl\u00e4rung <a href=\"http:\/\/daten.behoerdenspiegel.eu\/datenschutz_ps.pdf\" target=\"_blank\">hier<\/a>.<\/strong>\n<\/p>\n<p><strong>Ja, ich m\u00f6chte zum n\u00e4chsten Kongress wieder eingeladen werden:<\/strong><br \/>\n<span class=\"wpcf7-form-control-wrap\" data-name=\"datenschutz2\"><span class=\"wpcf7-form-control wpcf7-checkbox\"><span class=\"wpcf7-list-item first last\"><input type=\"checkbox\" name=\"datenschutz2[]\" value=\"Ich willige in die Verarbeitung meiner personenbezogenen Daten durch die ProPress Verlagsgesellschaft mbH ein, um auch weiterhin Einladungen zu Veranstaltungen sowie elektronische Newsletter zu erhalten. Diese Einwilligung ist jederzeit widerruflich (per E-Mail an: datenschutzbeauftragter@behoerdenspiegel.de oder per Post an: ProPress Verlag GmbH, Datenschutzbeauftragter, Friedrich-Ebert-Allee 57, 53113 Bonn oder durch den Abmeldelink im jeweiligen Schreiben).\" \/><span class=\"wpcf7-list-item-label\">Ich willige in die Verarbeitung meiner personenbezogenen Daten durch die ProPress Verlagsgesellschaft mbH ein, um auch weiterhin Einladungen zu Veranstaltungen sowie elektronische Newsletter zu erhalten. Diese Einwilligung ist jederzeit widerruflich (per E-Mail an: datenschutzbeauftragter@behoerdenspiegel.de oder per Post an: ProPress Verlag GmbH, Datenschutzbeauftragter, Friedrich-Ebert-Allee 57, 53113 Bonn oder durch den Abmeldelink im jeweiligen Schreiben).<\/span><\/span><\/span><\/span>\n<\/p>\n<div data-id=\"group-104\" data-orig_data_id=\"group-104\"  class=\"\" data-class=\"wpcf7cf_group\">\n\t<p><strong>Ich interessiere mich f\u00fcr folgende Themenkomplexe:<\/strong><br \/>\n<span class=\"wpcf7-form-control-wrap\" data-name=\"interesse1\"><span class=\"wpcf7-form-control wpcf7-checkbox\"><span class=\"wpcf7-list-item first last\"><input type=\"checkbox\" name=\"interesse1[]\" value=\"Asyl\" \/><span class=\"wpcf7-list-item-label\">Asyl<\/span><\/span><\/span><\/span><br \/>\n<span class=\"wpcf7-form-control-wrap\" data-name=\"interesse2\"><span class=\"wpcf7-form-control wpcf7-checkbox\"><span class=\"wpcf7-list-item first last\"><input type=\"checkbox\" name=\"interesse2[]\" value=\"\u00c4u\u00dfere Sicherheit (Verteidigung, Wehrtechnik)\" \/><span class=\"wpcf7-list-item-label\">\u00c4u\u00dfere Sicherheit (Verteidigung, Wehrtechnik)<\/span><\/span><\/span><\/span><br \/>\n<span class=\"wpcf7-form-control-wrap\" data-name=\"interesse3\"><span class=\"wpcf7-form-control wpcf7-checkbox\"><span class=\"wpcf7-list-item first last\"><input type=\"checkbox\" name=\"interesse3[]\" value=\"Bau\/Infrastruktur\/Verkehr\/Umwelt\" \/><span class=\"wpcf7-list-item-label\">Bau\/Infrastruktur\/Verkehr\/Umwelt<\/span><\/span><\/span><\/span><br \/>\n<span class=\"wpcf7-form-control-wrap\" data-name=\"interesse4\"><span class=\"wpcf7-form-control wpcf7-checkbox\"><span class=\"wpcf7-list-item first last\"><input type=\"checkbox\" name=\"interesse4[]\" value=\"Dienstrecht\/Personalwesen\/Personalentwicklung\" \/><span class=\"wpcf7-list-item-label\">Dienstrecht\/Personalwesen\/Personalentwicklung<\/span><\/span><\/span><\/span><br \/>\n<span class=\"wpcf7-form-control-wrap\" data-name=\"interesse5\"><span class=\"wpcf7-form-control wpcf7-checkbox\"><span class=\"wpcf7-list-item first last\"><input type=\"checkbox\" name=\"interesse5[]\" value=\"Digitalisierung\/E-Government\" \/><span class=\"wpcf7-list-item-label\">Digitalisierung\/E-Government<\/span><\/span><\/span><\/span><br \/>\n<span class=\"wpcf7-form-control-wrap\" data-name=\"interesse6\"><span class=\"wpcf7-form-control wpcf7-checkbox\"><span class=\"wpcf7-list-item first last\"><input type=\"checkbox\" name=\"interesse6[]\" value=\"F\u00fchrungskompetenz\" \/><span class=\"wpcf7-list-item-label\">F\u00fchrungskompetenz<\/span><\/span><\/span><\/span><br \/>\n<span class=\"wpcf7-form-control-wrap\" data-name=\"interesse7\"><span class=\"wpcf7-form-control wpcf7-checkbox\"><span class=\"wpcf7-list-item first last\"><input type=\"checkbox\" name=\"interesse7[]\" value=\"Gl\u00fccksspielregulierung\" \/><span class=\"wpcf7-list-item-label\">Gl\u00fccksspielregulierung<\/span><\/span><\/span><\/span><br \/>\n<span class=\"wpcf7-form-control-wrap\" data-name=\"interesse8\"><span class=\"wpcf7-form-control wpcf7-checkbox\"><span class=\"wpcf7-list-item first last\"><input type=\"checkbox\" name=\"interesse8[]\" value=\"Haushalt\/Finanzen\" \/><span class=\"wpcf7-list-item-label\">Haushalt\/Finanzen<\/span><\/span><\/span><\/span><br \/>\n<span class=\"wpcf7-form-control-wrap\" data-name=\"interesse9\"><span class=\"wpcf7-form-control wpcf7-checkbox\"><span class=\"wpcf7-list-item first last\"><input type=\"checkbox\" name=\"interesse9[]\" value=\"Innere Sicherheit (Polizei, Feuerwehr, Katastrophenschutz, Kommunale Ordnung)\" \/><span class=\"wpcf7-list-item-label\">Innere Sicherheit (Polizei, Feuerwehr, Katastrophenschutz, Kommunale Ordnung)<\/span><\/span><\/span><\/span><br \/>\n<span class=\"wpcf7-form-control-wrap\" data-name=\"interesse10\"><span class=\"wpcf7-form-control wpcf7-checkbox\"><span class=\"wpcf7-list-item first last\"><input type=\"checkbox\" name=\"interesse10[]\" value=\"Informations- und Kommunikationstechnologie, IT-Sicherheit\" \/><span class=\"wpcf7-list-item-label\">Informations- und Kommunikationstechnologie, IT-Sicherheit<\/span><\/span><\/span><\/span><br \/>\n<span class=\"wpcf7-form-control-wrap\" data-name=\"interesse11\"><span class=\"wpcf7-form-control wpcf7-checkbox\"><span class=\"wpcf7-list-item first last\"><input type=\"checkbox\" name=\"interesse11[]\" value=\"Kommunikation\/Rhetorik\/Gesundheit am Beh\u00f6rdenarbeitsplatz\" \/><span class=\"wpcf7-list-item-label\">Kommunikation\/Rhetorik\/Gesundheit am Beh\u00f6rdenarbeitsplatz<\/span><\/span><\/span><\/span><br \/>\n<span class=\"wpcf7-form-control-wrap\" data-name=\"interesse12\"><span class=\"wpcf7-form-control wpcf7-checkbox\"><span class=\"wpcf7-list-item first last\"><input type=\"checkbox\" name=\"interesse12[]\" value=\"Revision und Compliance\" \/><span class=\"wpcf7-list-item-label\">Revision und Compliance<\/span><\/span><\/span><\/span><br \/>\n<span class=\"wpcf7-form-control-wrap\" data-name=\"interesse13\"><span class=\"wpcf7-form-control wpcf7-checkbox\"><span class=\"wpcf7-list-item first last\"><input type=\"checkbox\" name=\"interesse13[]\" value=\"Vergaberecht\/Vergabemanagement\" \/><span class=\"wpcf7-list-item-label\">Vergaberecht\/Vergabemanagement<\/span><\/span><\/span><\/span><br \/>\n<span class=\"wpcf7-form-control-wrap\" data-name=\"interesse14\"><span class=\"wpcf7-form-control wpcf7-checkbox\"><span class=\"wpcf7-list-item first last\"><input type=\"checkbox\" name=\"interesse14[]\" value=\"Verwaltungsorganisation und -management\" \/><span class=\"wpcf7-list-item-label\">Verwaltungsorganisation und -management<\/span><\/span><\/span><\/span><br \/>\n<strong>Versandweg: <\/strong><br \/>\n<span class=\"wpcf7-form-control-wrap\" data-name=\"versandweg\"><span class=\"wpcf7-form-control wpcf7-checkbox\"><span class=\"wpcf7-list-item first\"><input type=\"checkbox\" name=\"versandweg[]\" value=\"Ich m\u00f6chte Informationen per E-Mail erhalten.\" \/><span class=\"wpcf7-list-item-label\">Ich m\u00f6chte Informationen per E-Mail erhalten.<\/span><\/span><span class=\"wpcf7-list-item last\"><input type=\"checkbox\" name=\"versandweg[]\" value=\"Ich m\u00f6chte Informationen per Post erhalten.\" \/><span class=\"wpcf7-list-item-label\">Ich m\u00f6chte Informationen per Post erhalten.<\/span><\/span><\/span><\/span>\n\t<\/p>\n<\/div>\n<div data-id=\"buchen299\" data-orig_data_id=\"buchen299\"  class=\"\" data-class=\"wpcf7cf_group\">\n\t<p><input class=\"wpcf7-form-control wpcf7-submit has-spinner\" type=\"submit\" value=\"Kostenpflichtig anmelden zum Preis von 299,- Euro zzgl. MwSt.\" \/>\n\t<\/p>\n<\/div>\n<div data-id=\"buchen499\" data-orig_data_id=\"buchen499\"  class=\"\" data-class=\"wpcf7cf_group\">\n\t<p><input class=\"wpcf7-form-control wpcf7-submit has-spinner\" type=\"submit\" value=\"Kostenpflichtig anmelden zum Preis von 499,- Euro zzgl. MwSt.\" \/>\n\t<\/p>\n<\/div>\n<div data-id=\"buchen329\" data-orig_data_id=\"buchen329\"  class=\"\" data-class=\"wpcf7cf_group\">\n\t<p><input class=\"wpcf7-form-control wpcf7-submit has-spinner\" type=\"submit\" value=\"Kostenpflichtig anmelden zum Preis von 329,- Euro zzgl. MwSt.\" \/>\n\t<\/p>\n<\/div><div class=\"wpcf7-response-output\" aria-hidden=\"true\"><\/div>\n<\/form>\n<\/div>\n<\/div>\n<div><\/div>\n<div style=\"text-align: justify;\"><span style=\"font-size: 10pt; font-family: arial,helvetica,sans-serif;\">Eine Anmeldung in Textform mit Hilfe des Anmeldeformulars online, per E-Mail, Fax oder Brief ist Voraussetzung zur Teilnahme. Die Teilnahmegeb\u00fchr beinhaltet Abendempfang (sofern ausgew\u00e4hlt), Mittagessen, Erfrischungs- und Pausengetr\u00e4nke, sowie als erweiterte Tagungsunterlage einen Bezug der Fachzeitschrift Beh\u00f6rden Spiegel f\u00fcr ein Jahr, die Sie \u00fcber die Fortentwicklung der Tagungsinhalte kontinuierlich informiert. Der Bezug verl\u00e4ngert sich nicht kostenpflichtig. Widerspruch ist hierzu jederzeit formlos m\u00f6glich. Nach Eingang Ihrer Anmeldung erhalten Sie eine Eingangsbest\u00e4tigung, danach eine Anmeldebest\u00e4tigung per E-Mail und eine Rechnung per Post. Bei Stornierung der Anmeldung bis zwei Wochen vor Veranstaltungsbeginn wird eine Bearbeitungsgeb\u00fchr in H\u00f6he von 50 Prozent der Teilnahmegeb\u00fchr erhoben. Danach oder bei Nichterscheinen des Teilnehmenden wird die gesamte Teilnahmegeb\u00fchr berechnet. Selbstverst\u00e4ndlich ist eine Vertretung des angemeldeten Teilnehmenden m\u00f6glich. Teilnehmende im Sinne eines Verbrauchers finden das Widerrufsrecht <a href=\"https:\/\/www.kommunale-ordnung.de\/?page_id=17\/#agb\" target=\"_blank\" rel=\"noopener noreferrer\">hier<\/a>.<\/span><\/div>\n","protected":false},"excerpt":{"rendered":"<p>Eine Anmeldung in Textform mit Hilfe des Anmeldeformulars online, per E-Mail, Fax oder Brief ist Voraussetzung zur Teilnahme. Die Teilnahmegeb\u00fchr beinhaltet Abendempfang (sofern ausgew\u00e4hlt), Mittagessen, Erfrischungs- und Pausengetr\u00e4nke, sowie als erweiterte Tagungsunterlage einen Bezug der Fachzeitschrift Beh\u00f6rden Spiegel f\u00fcr ein &hellip; <a href=\"https:\/\/www.kommunale-ordnung.de\/?page_id=13\">Weiterlesen <span class=\"meta-nav\">&rarr;<\/span><\/a><\/p>\n","protected":false},"author":1,"featured_media":0,"parent":0,"menu_order":4,"comment_status":"closed","ping_status":"closed","template":"sidebar-page.php","meta":{"footnotes":""},"class_list":["post-13","page","type-page","status-publish","hentry"],"yoast_head":"<!-- This site is optimized with the Yoast SEO plugin v26.4 - https:\/\/yoast.com\/wordpress\/plugins\/seo\/ -->\n<title>Anmeldung - Bundeskongress Kommunale Ordnung<\/title>\n<meta name=\"robots\" content=\"index, follow, max-snippet:-1, max-image-preview:large, max-video-preview:-1\" \/>\n<link rel=\"canonical\" href=\"https:\/\/www.kommunale-ordnung.de\/?page_id=13\" \/>\n<meta property=\"og:locale\" content=\"de_DE\" \/>\n<meta property=\"og:type\" content=\"article\" \/>\n<meta property=\"og:title\" content=\"Anmeldung - Bundeskongress Kommunale Ordnung\" \/>\n<meta property=\"og:description\" content=\"Eine Anmeldung in Textform mit Hilfe des Anmeldeformulars online, per E-Mail, Fax oder Brief ist Voraussetzung zur Teilnahme. Die Teilnahmegeb\u00fchr beinhaltet Abendempfang (sofern ausgew\u00e4hlt), Mittagessen, Erfrischungs- und Pausengetr\u00e4nke, sowie als erweiterte Tagungsunterlage einen Bezug der Fachzeitschrift Beh\u00f6rden Spiegel f\u00fcr ein &hellip; Weiterlesen &rarr;\" \/>\n<meta property=\"og:url\" content=\"https:\/\/www.kommunale-ordnung.de\/?page_id=13\" \/>\n<meta property=\"og:site_name\" content=\"Bundeskongress Kommunale Ordnung\" \/>\n<meta property=\"article:modified_time\" content=\"2022-04-26T07:37:48+00:00\" \/>\n<meta name=\"twitter:card\" content=\"summary_large_image\" \/>\n<meta name=\"twitter:label1\" content=\"Gesch\u00e4tzte Lesezeit\" \/>\n\t<meta name=\"twitter:data1\" content=\"1\u00a0Minute\" \/>\n<script type=\"application\/ld+json\" class=\"yoast-schema-graph\">{\"@context\":\"https:\/\/schema.org\",\"@graph\":[{\"@type\":\"WebPage\",\"@id\":\"https:\/\/www.kommunale-ordnung.de\/?page_id=13\",\"url\":\"https:\/\/www.kommunale-ordnung.de\/?page_id=13\",\"name\":\"Anmeldung - Bundeskongress Kommunale Ordnung\",\"isPartOf\":{\"@id\":\"https:\/\/www.kommunale-ordnung.de\/#website\"},\"datePublished\":\"2013-06-30T11:19:02+00:00\",\"dateModified\":\"2022-04-26T07:37:48+00:00\",\"breadcrumb\":{\"@id\":\"https:\/\/www.kommunale-ordnung.de\/?page_id=13#breadcrumb\"},\"inLanguage\":\"de\",\"potentialAction\":[{\"@type\":\"ReadAction\",\"target\":[\"https:\/\/www.kommunale-ordnung.de\/?page_id=13\"]}]},{\"@type\":\"BreadcrumbList\",\"@id\":\"https:\/\/www.kommunale-ordnung.de\/?page_id=13#breadcrumb\",\"itemListElement\":[{\"@type\":\"ListItem\",\"position\":1,\"name\":\"Startseite\",\"item\":\"https:\/\/www.kommunale-ordnung.de\/\"},{\"@type\":\"ListItem\",\"position\":2,\"name\":\"Anmeldung\"}]},{\"@type\":\"WebSite\",\"@id\":\"https:\/\/www.kommunale-ordnung.de\/#website\",\"url\":\"https:\/\/www.kommunale-ordnung.de\/\",\"name\":\"Bundeskongress Kommunale Ordnung\",\"description\":\"\",\"potentialAction\":[{\"@type\":\"SearchAction\",\"target\":{\"@type\":\"EntryPoint\",\"urlTemplate\":\"https:\/\/www.kommunale-ordnung.de\/?s={search_term_string}\"},\"query-input\":{\"@type\":\"PropertyValueSpecification\",\"valueRequired\":true,\"valueName\":\"search_term_string\"}}],\"inLanguage\":\"de\"}]}<\/script>\n<!-- \/ Yoast SEO plugin. -->","yoast_head_json":{"title":"Anmeldung - Bundeskongress Kommunale Ordnung","robots":{"index":"index","follow":"follow","max-snippet":"max-snippet:-1","max-image-preview":"max-image-preview:large","max-video-preview":"max-video-preview:-1"},"canonical":"https:\/\/www.kommunale-ordnung.de\/?page_id=13","og_locale":"de_DE","og_type":"article","og_title":"Anmeldung - Bundeskongress Kommunale Ordnung","og_description":"Eine Anmeldung in Textform mit Hilfe des Anmeldeformulars online, per E-Mail, Fax oder Brief ist Voraussetzung zur Teilnahme. Die Teilnahmegeb\u00fchr beinhaltet Abendempfang (sofern ausgew\u00e4hlt), Mittagessen, Erfrischungs- und Pausengetr\u00e4nke, sowie als erweiterte Tagungsunterlage einen Bezug der Fachzeitschrift Beh\u00f6rden Spiegel f\u00fcr ein &hellip; Weiterlesen &rarr;","og_url":"https:\/\/www.kommunale-ordnung.de\/?page_id=13","og_site_name":"Bundeskongress Kommunale Ordnung","article_modified_time":"2022-04-26T07:37:48+00:00","twitter_card":"summary_large_image","twitter_misc":{"Gesch\u00e4tzte Lesezeit":"1\u00a0Minute"},"schema":{"@context":"https:\/\/schema.org","@graph":[{"@type":"WebPage","@id":"https:\/\/www.kommunale-ordnung.de\/?page_id=13","url":"https:\/\/www.kommunale-ordnung.de\/?page_id=13","name":"Anmeldung - Bundeskongress Kommunale Ordnung","isPartOf":{"@id":"https:\/\/www.kommunale-ordnung.de\/#website"},"datePublished":"2013-06-30T11:19:02+00:00","dateModified":"2022-04-26T07:37:48+00:00","breadcrumb":{"@id":"https:\/\/www.kommunale-ordnung.de\/?page_id=13#breadcrumb"},"inLanguage":"de","potentialAction":[{"@type":"ReadAction","target":["https:\/\/www.kommunale-ordnung.de\/?page_id=13"]}]},{"@type":"BreadcrumbList","@id":"https:\/\/www.kommunale-ordnung.de\/?page_id=13#breadcrumb","itemListElement":[{"@type":"ListItem","position":1,"name":"Startseite","item":"https:\/\/www.kommunale-ordnung.de\/"},{"@type":"ListItem","position":2,"name":"Anmeldung"}]},{"@type":"WebSite","@id":"https:\/\/www.kommunale-ordnung.de\/#website","url":"https:\/\/www.kommunale-ordnung.de\/","name":"Bundeskongress Kommunale Ordnung","description":"","potentialAction":[{"@type":"SearchAction","target":{"@type":"EntryPoint","urlTemplate":"https:\/\/www.kommunale-ordnung.de\/?s={search_term_string}"},"query-input":{"@type":"PropertyValueSpecification","valueRequired":true,"valueName":"search_term_string"}}],"inLanguage":"de"}]}},"_links":{"self":[{"href":"https:\/\/www.kommunale-ordnung.de\/index.php?rest_route=\/wp\/v2\/pages\/13","targetHints":{"allow":["GET"]}}],"collection":[{"href":"https:\/\/www.kommunale-ordnung.de\/index.php?rest_route=\/wp\/v2\/pages"}],"about":[{"href":"https:\/\/www.kommunale-ordnung.de\/index.php?rest_route=\/wp\/v2\/types\/page"}],"author":[{"embeddable":true,"href":"https:\/\/www.kommunale-ordnung.de\/index.php?rest_route=\/wp\/v2\/users\/1"}],"replies":[{"embeddable":true,"href":"https:\/\/www.kommunale-ordnung.de\/index.php?rest_route=%2Fwp%2Fv2%2Fcomments&post=13"}],"version-history":[{"count":51,"href":"https:\/\/www.kommunale-ordnung.de\/index.php?rest_route=\/wp\/v2\/pages\/13\/revisions"}],"predecessor-version":[{"id":1308,"href":"https:\/\/www.kommunale-ordnung.de\/index.php?rest_route=\/wp\/v2\/pages\/13\/revisions\/1308"}],"wp:attachment":[{"href":"https:\/\/www.kommunale-ordnung.de\/index.php?rest_route=%2Fwp%2Fv2%2Fmedia&parent=13"}],"curies":[{"name":"wp","href":"https:\/\/api.w.org\/{rel}","templated":true}]}}